{"id":37,"date":"2012-09-12T17:29:31","date_gmt":"2012-09-12T15:29:31","guid":{"rendered":"http:\/\/cdmo.pl\/?page_id=37"},"modified":"2025-09-15T22:49:10","modified_gmt":"2025-09-15T20:49:10","slug":"wykonawcy","status":"publish","type":"page","link":"http:\/\/cdmo.pl\/?page_id=37","title":{"rendered":"WYKONAWCY"},"content":{"rendered":"<h3>\u00a0<\/h3>\n<h3 style=\"text-align: center;\"><strong>Frantisek Vanicek<br \/><\/strong><\/h3>\n<p style=\"text-align: center;\"><a href=\"http:\/\/cdmo.pl\/wp-content\/uploads\/2025\/09\/Vanicek-2.jpg\"><img decoding=\"async\" loading=\"lazy\" class=\"alignnone  wp-image-603\" src=\"http:\/\/cdmo.pl\/wp-content\/uploads\/2025\/09\/Vanicek-2.jpg\" alt=\"\" width=\"484\" height=\"363\" srcset=\"http:\/\/cdmo.pl\/wp-content\/uploads\/2025\/09\/Vanicek-2.jpg 1000w, http:\/\/cdmo.pl\/wp-content\/uploads\/2025\/09\/Vanicek-2-300x225.jpg 300w, http:\/\/cdmo.pl\/wp-content\/uploads\/2025\/09\/Vanicek-2-768x576.jpg 768w\" sizes=\"(max-width: 484px) 100vw, 484px\" \/><\/a><\/p>\n<p>Po studiach w Konserwatorium w Pardubicach (klasa organ\u00f3w J. Rafaja) i Akademii Sztuk Muzycznych w Pradze (klasa organ\u00f3w J. Hory), Frantisek Vanicek kontynuowa\u0142 studia w Akademii Sztuk Pi\u0119knych w Utrechcie. W 1991 roku zdoby\u0142 drug\u0105 nagrod\u0119 na Konkursie Organowym im. A. Schweitzera w holenderskim Deventer. W tym samym roku Czeski Fundusz Muzyczny doceni\u0142 jego mi\u0119dzynarodow\u0105 dzia\u0142alno\u015b\u0107, przyznaj\u0105c presti\u017cow\u0105 nagrod\u0119 Premier Prix. Od 1989 roku da\u0142 ponad 1200 solowych koncert\u00f3w organowych, g\u0142\u00f3wnie za granic\u0105 (m.in. w Japonii, USA, Australii, Singapurze, W\u0142oszech, Szwajcarii, Austrii, Niemczech, Francji, Hiszpanii, Belgii, Polsce, Danii, Szwecji, Norwegii, S\u0142owacji itd.), ale przede wszystkim w Holandii. Pomaga\u0142 w realizacji misji humanitarnej w tym kraju, organizuj\u0105c zbi\u00f3rk\u0119 na rzecz ofiar powodzi w 1997 roku. Publiczno\u015b\u0107 i krytycy zwracali uwag\u0119 na jego \u201ewspania\u0142\u0105 i nies\u0142ychanie kontrolowan\u0105 gr\u0119\u201d (De Orgelvriend, 1991), \u201efascynuj\u0105c\u0105 gr\u0119 na organach\u201d (Frankfurter Neue Presse, 1999), \u201edoskona\u0142\u0105 muzyk\u0119 organow\u0105\u201d (PNP Passau, 2009) oraz docenili jako \u201ewybitnego artyst\u0119\u201d (Corriere di Torino, 1994). Od 1995 roku wyk\u0142ada gr\u0119 na organach na Uniwersytecie w Hradcu Kr\u00e1lov\u00e9. W latach 2016-2024 by\u0142 dziekanem Wydzia\u0142u Pedagogicznego, a od 2024 roku jest prorektorem Uniwersytetu w Hradcu Kr\u00e1lov\u00e9.<\/p>\n<h3 style=\"text-align: center;\"><strong>s. Maria Bujalska<br \/><\/strong><\/h3>\n<p style=\"text-align: center;\"><a href=\"http:\/\/cdmo.pl\/wp-content\/uploads\/2025\/09\/IMG_1627-scaled.jpg\"><img decoding=\"async\" loading=\"lazy\" class=\"wp-image-605 aligncenter\" src=\"http:\/\/cdmo.pl\/wp-content\/uploads\/2025\/09\/IMG_1627-scaled.jpg\" alt=\"\" width=\"374\" height=\"498\" srcset=\"http:\/\/cdmo.pl\/wp-content\/uploads\/2025\/09\/IMG_1627-scaled.jpg 1920w, http:\/\/cdmo.pl\/wp-content\/uploads\/2025\/09\/IMG_1627-225x300.jpg 225w, http:\/\/cdmo.pl\/wp-content\/uploads\/2025\/09\/IMG_1627-768x1024.jpg 768w, http:\/\/cdmo.pl\/wp-content\/uploads\/2025\/09\/IMG_1627-1152x1536.jpg 1152w, http:\/\/cdmo.pl\/wp-content\/uploads\/2025\/09\/IMG_1627-1536x2048.jpg 1536w\" sizes=\"(max-width: 374px) 100vw, 374px\" \/><\/a><strong><br \/><\/strong><\/p>\n<p>Cz\u0142onkini Zgromadzenia Si\u00f3str Uczennic Boskiego Mistrza,absolwentka Muzykologii KUL (2009). W 2012 roku uko\u0144czy\u0142a Podyplomowe Studium Emisji G\u0142osu AM w Bydgoszczy. Od 2010 roku by\u0142a asystentem dyrygenta i prowadzi\u0142a zaj\u0119cia z emisji g\u0142osu w Jasnog\u00f3rskim Ch\u00f3rze Ch\u0142opi\u0119co-M\u0119skim <em>PueriClaromontani<\/em>w Cz\u0119stochowie. Od 2021 r. jest dyrygentem tego\u017c ch\u00f3ru.W 2023 roku reaktywowa\u0142a na Jasnej G\u00f3rze dzia\u0142alno\u015b\u0107 Jasnog\u00f3rskiego Ch\u00f3ru Dziewcz\u0119cego <em>FiliaeMariae<\/em> i podj\u0119\u0142a si\u0119 prowadzenia tego zespo\u0142u.<\/p>\n<p>Zajmuje si\u0119 r\u00f3wnie\u017c redakcj\u0105 muzyczn\u0105 (m. in. <em>Wybrane hymny na Jutrzni\u0119 i Nieszpory<\/em>, 2012; <em>Chc\u0119 widzie\u0107 Boga<\/em>, FlosCarmeli, 2014; Honoracki \u015bpiewnik <em>Twoim \u015bladem<\/em>, Edycja \u015bw. Paw\u0142a 2015).<\/p>\n<p>\u00a0<\/p>\n<p style=\"text-align: center;\"><strong>Jasnog\u00f3rski Ch\u00f3r Dziewcz\u0119cy <em>FiliaeMariae <\/em><\/strong><\/p>\n<p style=\"text-align: center;\">oraz <strong>Jasnog\u00f3rski Ch\u00f3r Ch\u0142opi\u0119co-M\u0119ski<em> PueriClaromontani<\/em><\/strong><\/p>\n<p><a href=\"http:\/\/cdmo.pl\/wp-content\/uploads\/2025\/09\/Pueri-scaled.jpg\"><img decoding=\"async\" loading=\"lazy\" class=\"wp-image-606 aligncenter\" src=\"http:\/\/cdmo.pl\/wp-content\/uploads\/2025\/09\/Pueri-scaled.jpg\" alt=\"\" width=\"646\" height=\"429\" srcset=\"http:\/\/cdmo.pl\/wp-content\/uploads\/2025\/09\/Pueri-scaled.jpg 2560w, http:\/\/cdmo.pl\/wp-content\/uploads\/2025\/09\/Pueri-300x199.jpg 300w, http:\/\/cdmo.pl\/wp-content\/uploads\/2025\/09\/Pueri-1024x680.jpg 1024w, http:\/\/cdmo.pl\/wp-content\/uploads\/2025\/09\/Pueri-768x510.jpg 768w, http:\/\/cdmo.pl\/wp-content\/uploads\/2025\/09\/Pueri-1536x1020.jpg 1536w, http:\/\/cdmo.pl\/wp-content\/uploads\/2025\/09\/Pueri-2048x1361.jpg 2048w\" sizes=\"(max-width: 646px) 100vw, 646px\" \/><\/a><\/p>\n<p><strong>Jasnog\u00f3rski Ch\u00f3r Dziewcz\u0119cy <em>FiliaeMariae <\/em><\/strong>oraz <strong>Jasnog\u00f3rski Ch\u00f3r Ch\u0142opi\u0119co-M\u0119ski <em>PueriClaromontani <\/em><\/strong>powsta\u0142y w 2003 r. na Jasnej G\u00f3rze. S\u0142u\u017c\u0105 tam \u015bpiewem zar\u00f3wno podczas codziennych nabo\u017ce\u0144stw, jak i najwi\u0119kszych ko\u015bcielnych uroczysto\u015bci, r\u00f3wnie\u017c tych transmitowanych przez Telewizj\u0119 Polsk\u0105. Oba zespo\u0142y nale\u017c\u0105 do Mi\u0119dzynarodowej Federacji PueriCantores, kt\u00f3ra zrzesza ch\u00f3ry dzieci\u0119ce i m\u0142odzie\u017cowe, aby poprzez \u015bpiew modli\u0107 si\u0119 o pok\u00f3j na \u015bwiecie. W lipcu 2025 roku oba zespo\u0142y bra\u0142y udzia\u0142 w Mi\u0119dzynarodowym Kongresie PueriCantores w Monachium.<\/p>\n<p>Do najwa\u017cniejszych wydarze\u0144 z \u017cycia zespo\u0142\u00f3w mo\u017cna zaliczy\u0107 wsp\u00f3\u0142tworzenie liturgii na b\u0142oniach jasnog\u00f3rskich w trakcie wizyt papieskich: Benedykta XVI w 2006 r. oraz Franciszka w 2016 r.<\/p>\n<p>Jasnog\u00f3rski Ch\u00f3r Ch\u0142opi\u0119co-M\u0119ski <em>PueriClaromontani,<\/em>na zaproszenie Prezydenta RP Andrzeja Dudy, dwukrotnie koncertowa\u0142 w Pa\u0142acu Prezydenckim. Przy wielu festiwalach oraz koncertach w kraju i za granic\u0105 (Brazylia, Hiszpania, Francja, Niemcy, W\u0142ochy, S\u0142owacja, Czechy, Austria, Litwa).Zesp\u00f3\u0142 mia\u0142 okazj\u0119 wsp\u00f3\u0142pracowa\u0107 z takimi kompozytorami, jak W.\u00a0Kilar, K. Penderecki, S\u0142. Czarnecki czy P. Mykietyn.<\/p>\n<h3 style=\"text-align: center;\"><strong>Marcin Arma\u0144ski<\/strong><\/h3>\n<p><a href=\"http:\/\/cdmo.pl\/wp-content\/uploads\/2016\/09\/ma_4-1.jpg\"><img decoding=\"async\" loading=\"lazy\" class=\"wp-image-314 aligncenter\" src=\"http:\/\/cdmo.pl\/wp-content\/uploads\/2016\/09\/ma_4-1.jpg\" alt=\"\" width=\"564\" height=\"366\" srcset=\"http:\/\/cdmo.pl\/wp-content\/uploads\/2016\/09\/ma_4-1.jpg 1890w, http:\/\/cdmo.pl\/wp-content\/uploads\/2016\/09\/ma_4-1-300x194.jpg 300w, http:\/\/cdmo.pl\/wp-content\/uploads\/2016\/09\/ma_4-1-1024x664.jpg 1024w\" sizes=\"(max-width: 564px) 100vw, 564px\" \/><\/a><\/p>\n<p>Urodzi\u0142 si\u0119 w Kielcach w 1983 roku. Nauk\u0119 gry na organach rozpocz\u0105\u0142 pod kierunkiem ks. Zbigniewa Rogali, uko\u0144czy\u0142 r\u00f3wnie\u017c Pa\u0144stwow\u0105 Szko\u0142\u0119 Muzyczn\u0105 w Kielcach w klasie fortepianu oraz Salezja\u0144skie Liceum Muzycznym w Lutomiersku. W 2007 roku uzyska\u0142 tytu\u0142 magistra sztuki Akademii Muzycznej im. Karola Szymanowskiego w Katowicach, gdzie studiowa\u0142 w klasie profesora Juliana Gembalskiego i Zygmunta Antonika.<\/p>\n<p>Od 2006 zwi\u0105zany jest z Dolnym \u015al\u0105skiem jako kantor Ko\u015bcio\u0142\u00f3w Pokoju w \u015awidnicy i w Jaworze oraz organista zboru ewangelicko-reformowanego we Wroc\u0142awiu. Prowadzi dzia\u0142alno\u015b\u0107 pedagogiczn\u0105. Jest laureatem og\u00f3lnopolskich konkurs\u00f3w organowych i kompozytorskich. Ma na swoim koncie liczne nagrania dla Radia i Telewizji (w tym tak\u017ce dla telewizji ameryka\u0144skiej i japo\u0144skiej). W 2011 roku zagra\u0142 specjalny koncert podczas wizyty szwedzkiej pary kr\u00f3lewskiej w \u015awidnicy. Jest organizatorem \u017cycia muzycznego na Dolnym \u015al\u0105sku, od wielu lat prowadzi festiwale organowe m.in w Jeleniej G\u00f3rze, Bolkowie, Karpaczu, Kaczorowie, \u015awidnicy. W 2016 roku zainicjowa\u0142 projekt edukacyjny \u201eOg\u00f3lnopolskie Warsztaty dla Organist\u00f3w i Muzyk\u00f3w Ko\u015bcielnych&#8221;, kt\u00f3ry funkcjonuje pod patronatem Synodalnej Komisji ds. Liturgii i Muzyki Ko\u015bcio\u0142a Ewangelicko-Augsburskiego.<\/p>\n<p>Zajmuje si\u0119 organmistrzostwem \u2013 rekonstrukcjami historycznych instrument\u00f3w klawiszowych.<\/p>\n<p>\u00a0<\/p>\n<h3 style=\"text-align: center;\"><strong>\u0141ukasz Miko\u0142aj Mateja<br \/><\/strong><\/h3>\n<p><a href=\"http:\/\/cdmo.pl\/wp-content\/uploads\/2025\/09\/Lukasz-Mateja-zdjecie-organy.jpg\"><img decoding=\"async\" loading=\"lazy\" class=\" wp-image-611 aligncenter\" src=\"http:\/\/cdmo.pl\/wp-content\/uploads\/2025\/09\/Lukasz-Mateja-zdjecie-organy.jpg\" alt=\"\" width=\"542\" height=\"406\" srcset=\"http:\/\/cdmo.pl\/wp-content\/uploads\/2025\/09\/Lukasz-Mateja-zdjecie-organy.jpg 2048w, http:\/\/cdmo.pl\/wp-content\/uploads\/2025\/09\/Lukasz-Mateja-zdjecie-organy-300x225.jpg 300w, http:\/\/cdmo.pl\/wp-content\/uploads\/2025\/09\/Lukasz-Mateja-zdjecie-organy-1024x768.jpg 1024w, http:\/\/cdmo.pl\/wp-content\/uploads\/2025\/09\/Lukasz-Mateja-zdjecie-organy-768x576.jpg 768w, http:\/\/cdmo.pl\/wp-content\/uploads\/2025\/09\/Lukasz-Mateja-zdjecie-organy-1536x1152.jpg 1536w\" sizes=\"(max-width: 542px) 100vw, 542px\" \/><\/a><\/p>\n<p>Urodzi\u0142 si\u0119 w 1970 r. w Krakowie.\u00a0 W latach 1985-89 by\u0142 uczniem Pa\u0144stwowego Liceum Muzycznego im. F. Chopina w klasie organ\u00f3w dra Mieczys\u0142awa Tulei. W 1989 r. rozpocz\u0105\u0142 studia w Akademii Muzycznej w Krakowie w klasie organ\u00f3w prof. Miros\u0142awy Semeniuk \u2013 Podrazy. W 1991 r. otrzyma\u0142 stypendium Roosevelt University i studiowa\u0142 w Chicago Musical College w klasie organ\u00f3w David\u2019a Schreder\u2019a. Podczas studi\u00f3w bra\u0142 aktywny udzia\u0142 w kursach mistrzowskich prowadzonych przez m.in. Bach-Akademie Helmuta Rillinga, Ludgera Lohmanna, Michaela Radulescu, Guy Bovet\u2019a, Jona Laukvika, Heinera Gra\u00dfta. Studia w Akademii Muzycznej w Krakowie uko\u0144czy\u0142 w 1994 r. otrzymuj\u0105c Dyplom z Wyr\u00f3\u017cnieniem. W roku akademickim 1994\/95 odby\u0142 studia podyplomowe w Hochschule f\u00fcr Musik und Darstellende Kunst w Wiedniu w klasie organ\u00f3w prof. dra Hansa Haselb\u00f6cka \u2013 jako tzw. Ga\u00dfth\u00f6rer.<\/p>\n<p>Wykona\u0142 szereg koncert\u00f3w organowych w Polsce, Niemczech, Austrii, USA, Francji, Irlandii, S\u0142owacji, Czechach, na W\u0119grzech i Ukrainie. W 1994 r. za\u0142o\u017cy\u0142 i prowadzi jako kierownik artystyczny, oraz realizator B.C. Krakowski Zesp\u00f3\u0142 Kameralny, kt\u00f3ry wielokrotnie koncertowa\u0142 w kraju i za granic\u0105.<\/p>\n<p>R\u00f3wnocze\u015bnie, w roku 1991 rozpocz\u0105\u0142 studia na wydziale Kompozycji, Dyrygentury i Teorii Muzyki w Akademii Muzycznej w Krakowie i w roku 1996 otrzyma\u0142 dyplom ze specjalno\u015bci\u0105: Teoria Muzyki. Swoje zainteresowania naukowe kontynuowa\u0142 jako s\u0142uchacz Mi\u0119dzywydzia\u0142owych Studi\u00f3w Doktoranckich przy Wydziale Historycznym Uniwersytetu Jagiello\u0144skiego w Krakowie. Od 1991 r. pe\u0142ni funkcj\u0119 organisty w krakowskim Sanktuarium Naj\u015bwi\u0119tszej Rodziny. W latach 1993-99 prowadzi\u0142 dzia\u0142alno\u015b\u0107 pedagogiczn\u0105 w ramach Instytutu Liturgicznego Papieskiej Akademii Teologicznej w Krakowie. W latach 1996-98 wsp\u00f3\u0142realizowa\u0142 jako pracownik Akademii Muzycznej w Krakowie Projekt Badawczy Komitetu Bada\u0144 Naukowych. W latach 2007-2012 by\u0142 dyrektorem Centrum Kultury i Turystyki w Wieliczce. Od 1997 r. pe\u0142ni funkcj\u0119 organisty i kantora Wsp\u00f3lnoty Niemieckoj\u0119zycznej Sankt Barbara dzia\u0142aj\u0105cej przy ko\u015bciele XX. Jezuit\u00f3w w Krakowie.<\/p>\n<p>Od 1998 r. prowadzi klas\u0119 organ\u00f3w w Zespole Szk\u00f3\u0142 Muzycznych Mieczys\u0142awa Kar\u0142owicza w Krakowie. Od 2002 r. pe\u0142ni w tej szkole funkcj\u0119 kierownika sekcji teorii i wydzia\u0142u wokalnego. W 2017 roku otrzyma\u0142 stopie\u0144 nauczyciela dyplomowanego. Tak\u017ce w 2017 roku w uznaniu wieloletniej pracy organisty otrzyma\u0142 z r\u0105k Arcybiskupa Metropolity Krakowskiego Marka J\u0119draszewskiego srebrny medal \u015bw. Jana Paw\u0142a II. W 2019 r. obroni\u0142 prac\u0119 doktorsk\u0105 w swojej macierzystej Katedrze Organ\u00f3w Akademii Muzycznej w Krakowie i uzyska\u0142 tytu\u0142 doktora sztuki.<\/p>\n<p>W roku 2021 zosta\u0142 ekspertem Centrum Edukacji Artystycznej ze specjalno\u015bci\u0105: organy oraz przedmioty teoretyczne. Prowadzi o\u017cywion\u0105 dzia\u0142alno\u015b\u0107 koncertow\u0105 jako solista i kameralista.<\/p>\n<p>\u00a0<\/p>\n<h3 style=\"text-align: center;\"><strong>Katarzyna Mateja<\/strong><\/h3>\n<p><a href=\"http:\/\/cdmo.pl\/wp-content\/uploads\/2025\/09\/K.Mateja-skrzypce-scaled.jpg\"><img decoding=\"async\" loading=\"lazy\" class=\"wp-image-620 aligncenter\" src=\"http:\/\/cdmo.pl\/wp-content\/uploads\/2025\/09\/K.Mateja-skrzypce-scaled.jpg\" alt=\"\" width=\"452\" height=\"301\" srcset=\"http:\/\/cdmo.pl\/wp-content\/uploads\/2025\/09\/K.Mateja-skrzypce-scaled.jpg 2560w, http:\/\/cdmo.pl\/wp-content\/uploads\/2025\/09\/K.Mateja-skrzypce-300x200.jpg 300w, http:\/\/cdmo.pl\/wp-content\/uploads\/2025\/09\/K.Mateja-skrzypce-1024x683.jpg 1024w, http:\/\/cdmo.pl\/wp-content\/uploads\/2025\/09\/K.Mateja-skrzypce-768x512.jpg 768w, http:\/\/cdmo.pl\/wp-content\/uploads\/2025\/09\/K.Mateja-skrzypce-1536x1024.jpg 1536w, http:\/\/cdmo.pl\/wp-content\/uploads\/2025\/09\/K.Mateja-skrzypce-2048x1365.jpg 2048w\" sizes=\"(max-width: 452px) 100vw, 452px\" \/><\/a><\/p>\n<p>Katarzyna Mateja urodzi\u0142a si\u0119 w 1970r. w Ja\u015ble. Pa\u0144stwow\u0105 Szko\u0142\u0119 Muzyczn\u0105 im. I. J. Paderewskiego w Krakowie uko\u0144czy\u0142a w klasie skrzypiec Leszka Skrobackiego. Ju\u017c podczas nauki w szkole podstawowej bra\u0142a czynny udzia\u0142 w przes\u0142uchaniach i konkursach dla m\u0142odych skrzypk\u00f3w. Pa\u0144stwowe Liceum Muzyczne im. F. Chopina w Krakowie uko\u0144czy\u0142a w 1989r. Studia muzyczne odby\u0142a w klasie skrzypiec prof. Bo\u017ceny Hordziej-Mucharskiej w Akademii Muzycznej w Krakowie, otrzymuj\u0105c dyplom w 1994 r. W 1991 r. otrzyma\u0142a stypendium Roosevelt University i studiowa\u0142a w Chicago Musical College w klasie skrzypiec F. Thorougha. Podczas studi\u00f3w aktywnie uczestniczy\u0142a w koncertach Akademii Bachowskiej Helmuta Rillinga. Nauczyciel mianowany (od 2001 r.), pedagog szk\u00f3\u0142 muzycznych w Krakowie. W latach 1994-1997 skrzypek Orkiestry Polskiego Radia i Telewizji w Krakowie. Od 1994r. jest koncertmistrzem Krakowskiego Zespo\u0142u Kameralnego. W latach 2009-2012 by\u0142a dyrektorem Miejskiego Domu Kultury w Bochni. Od 2013r. jest w\u0142a\u015bcicielem agencji artystyczno-edukacyjnej specjalizuj\u0105cej si\u0119 w dzia\u0142alno\u015bci muzycznej. Organizuje imprezy w Polsce, i m. in. na S\u0142owacji, w Czechach, Niemczech, Francji, Szwajcarii. Na zaproszenie Ministerstwa Kultury Libanu zorganizowa\u0142a tamtejsze obchody Roku Chopinowskiego w 2010 r. w Beiteddine k\/Bejrutu. Od 2023 r. pracuje w Operze Krakowskiej pe\u0142ni\u0105c funkcj\u0119 kierownika dzia\u0142u rozwoju.<\/p>\n<h3 style=\"text-align: center;\"><strong>Magdalena Su\u0142kowska<\/strong><\/h3>\n<p><a href=\"http:\/\/cdmo.pl\/wp-content\/uploads\/2025\/09\/MS_01-scaled.jpg\"><img decoding=\"async\" loading=\"lazy\" class=\"wp-image-615 aligncenter\" src=\"http:\/\/cdmo.pl\/wp-content\/uploads\/2025\/09\/MS_01-scaled.jpg\" alt=\"\" width=\"401\" height=\"628\" srcset=\"http:\/\/cdmo.pl\/wp-content\/uploads\/2025\/09\/MS_01-scaled.jpg 1636w, http:\/\/cdmo.pl\/wp-content\/uploads\/2025\/09\/MS_01-192x300.jpg 192w, http:\/\/cdmo.pl\/wp-content\/uploads\/2025\/09\/MS_01-654x1024.jpg 654w, http:\/\/cdmo.pl\/wp-content\/uploads\/2025\/09\/MS_01-768x1202.jpg 768w, http:\/\/cdmo.pl\/wp-content\/uploads\/2025\/09\/MS_01-981x1536.jpg 981w, http:\/\/cdmo.pl\/wp-content\/uploads\/2025\/09\/MS_01-1309x2048.jpg 1309w\" sizes=\"(max-width: 401px) 100vw, 401px\" \/><\/a><\/p>\n<p>Magdalena Su\u0142kowska jest absolwentk\u0105 klasy oboju Pa\u0144stwowej Og\u00f3lnokszta\u0142c\u0105cej Szko\u0142y Muzycznej II st. im. F. Chopina w Krakowie oraz Uniwersytetu Muzycznego Fryderyka Chopina <br \/>w Warszawie. Realizuje si\u0119 w r\u00f3\u017cnych projektach muzycznych i wsp\u00f3\u0142pracuje z takimi zespo\u0142ami jak: Youth Warsaw Wind Orchestra, FMF Youth Orchestra podczas Festiwalu Muzyki Filmowej <br \/>w Krakowie czy Krakowski Zesp\u00f3\u0142 Kameralny. Obecnie prowadzi klas\u0119 oboju \u00a0w Szkole Muzycznej <br \/>w Dobczycach oraz jest cz\u0142onkiem orkiestry symfonicznej Krakowska M\u0142oda Filharmonia.<\/p>\n<h3 style=\"text-align: center;\"><strong>Jakub Brawata<\/strong><\/h3>\n<p><a href=\"http:\/\/cdmo.pl\/wp-content\/uploads\/2025\/09\/DSC6428-kuba.jpg\"><img decoding=\"async\" loading=\"lazy\" class=\"wp-image-622 aligncenter\" src=\"http:\/\/cdmo.pl\/wp-content\/uploads\/2025\/09\/DSC6428-kuba.jpg\" alt=\"\" width=\"394\" height=\"369\" srcset=\"http:\/\/cdmo.pl\/wp-content\/uploads\/2025\/09\/DSC6428-kuba.jpg 1113w, http:\/\/cdmo.pl\/wp-content\/uploads\/2025\/09\/DSC6428-kuba-300x281.jpg 300w, http:\/\/cdmo.pl\/wp-content\/uploads\/2025\/09\/DSC6428-kuba-1024x959.jpg 1024w, http:\/\/cdmo.pl\/wp-content\/uploads\/2025\/09\/DSC6428-kuba-768x719.jpg 768w\" sizes=\"(max-width: 394px) 100vw, 394px\" \/><\/a><\/p>\n<p>Pianista, teoretyk muzyki, pedagog. Nauk\u0119 gry na fortepianie rozpocz\u0105\u0142 w wieku 7 lat w Pa\u0144stwowej Szkole Muzycznej I stopnia w Cz\u0119stochowie. W latach 1994-2000 kontynuowa\u0142 nauk\u0119 w Pa\u0144stwowym Liceum Muzycznym w klasie fortepianu prof. Roberta Gawro\u0144skiego, a nast\u0119pnie w Akademii Muzycznej im. K. i G. Bacewicz w \u0141odzi, w klasie prof. Cezarego Saneckiego. Uko\u0144czy\u0142 r\u00f3wnie\u017c, na tej samej uczelni Teori\u0119 Muzyki na Wydziale Kompozycji, Teorii Muzyki, Rytmiki i Edukacji Artystycznej. Pianistyk\u0119 i kameralistyk\u0119 poszerza\u0142 pod kierunkiem m.in. prof. Barbary Szczepa\u0144skiej, Tadeusza Chmielewskiego,\u00a0 Andrzeja Tatarskiego, Krystyny Hussar-Moczulskiej oraz Edwarda Przy\u0142\u0119ckiego.<\/p>\n<p>Od 2006 roku pracujew Zespole Szk\u00f3\u0142 Muzycznych im. M. J. \u017bebrowskiego w Cz\u0119stochowie, <br \/>od 2012 roku w Katedrze Muzyki Akademii im. Jana D\u0142ugosza w Cz\u0119stochowie, od 2022 na stanowisku adiunkta.<\/p>\n<p>Na swym koncie ma liczne wyst\u0119py jako solista i kameralista w kraju i za granic\u0105. Wsp\u00f3\u0142pracowa\u0142 z takimi dyrygentami jak Jerzy Salwarowski, Jerzy Kosek, Jerzy Swoboda, Tomasz Chmiel czy TerrasVerhun.<\/p>\n<p>Od 2013 razem z Marcinem Serwaci\u0144skim, Andrzejem Michalakiem, Filipem Filipskim i Robertem Gawro\u0144skim jest cz\u0142onkiem perkusyjno-fortepianowego zespo\u0142u kameralnego Percussion and Pianos Ensemble przy Filharmonii Cz\u0119stochowskiej. Z Robertem Gawro\u0144skim wsp\u00f3\u0142tworzy r\u00f3wnie\u017c duet fortepianowy. Ma w swoim dorobku szereg nagra\u0144 p\u0142ytowych z muzyk\u0105 od XIX do XXI wieku.<br \/>W 2021 roku uzyska\u0142 tytu\u0142 dr sztuki w Akademii Muzycznej im. K. i G. Bacewicz w \u0141odzi.<\/p>\n<p>\u00a0<\/p>\n<h3 style=\"text-align: center;\"><strong>Robert Gawro\u0144ski <\/strong><\/h3>\n<p><a href=\"http:\/\/cdmo.pl\/wp-content\/uploads\/2025\/09\/DSC02779-robert.jpg\"><img decoding=\"async\" loading=\"lazy\" class=\"wp-image-624 aligncenter\" src=\"http:\/\/cdmo.pl\/wp-content\/uploads\/2025\/09\/DSC02779-robert.jpg\" alt=\"\" width=\"443\" height=\"368\" srcset=\"http:\/\/cdmo.pl\/wp-content\/uploads\/2025\/09\/DSC02779-robert.jpg 2373w, http:\/\/cdmo.pl\/wp-content\/uploads\/2025\/09\/DSC02779-robert-300x249.jpg 300w, http:\/\/cdmo.pl\/wp-content\/uploads\/2025\/09\/DSC02779-robert-1024x851.jpg 1024w, http:\/\/cdmo.pl\/wp-content\/uploads\/2025\/09\/DSC02779-robert-768x638.jpg 768w, http:\/\/cdmo.pl\/wp-content\/uploads\/2025\/09\/DSC02779-robert-1536x1276.jpg 1536w, http:\/\/cdmo.pl\/wp-content\/uploads\/2025\/09\/DSC02779-robert-2048x1702.jpg 2048w\" sizes=\"(max-width: 443px) 100vw, 443px\" \/><\/a><\/p>\n<p>Pianista i pedagog. Uko\u0144czy\u0142\u00a0II Liceum Og\u00f3lnokszta\u0142c\u0105ce im. Romualda Traugutta w Cz\u0119stochowie. Studia pianistyczne odby\u0142 w\u00a0Akademii Muzycznej im. I.J. Paderewskiego w Poznaniu\u00a0w klasie profesora Andrzeja Tatarskiego. Doktoryzowa\u0142 si\u0119 i habilitowa\u0142 r\u00f3wnie\u017c w Akademii Muzycznej im. Ignacego Jana Paderewskiego w Poznaniu. Prowadzi dzia\u0142alno\u015b\u0107 pianistyczn\u0105 i pedagogiczn\u0105. Koncertowa\u0142 w Polsce i za granic\u0105 (m.in. Ukraina, Austria, Niemcy, Rosja, W\u0119gry, W\u0142ochy, Litwa, S\u0142owacja, Czechy). Wyst\u0119puje solo oraz w zespo\u0142ach kameralnych, m.in. wsp\u00f3lnie z Micha\u0142em Sinielnikowem, Jakubem Brawat\u0105,\u00a0Cezarym Saneckim, Marcinem Serwaci\u0144skim, Andrzejem Michalakiem. Wchodzi w sk\u0142ad zespo\u0142u kameralnego\u00a0<em>Percussion and Pianos Ensemble<\/em>. Bra\u0142 udzia\u0142 w pracach jury mi\u0119dzynarodowych i og\u00f3lnopolskich konkurs\u00f3w pianistycznych. W dorobku posiada szereg nagra\u0144 radiowych, telewizyjnych i p\u0142ytowych. Jest r\u00f3wnie\u017c autorem publikacji naukowych z zakresu historii wykonawstwa instrumentalnego. Pracuje jako pedagog w Zespole Szk\u00f3\u0142 Muzycznych w Cz\u0119stochowie. Jest profesorem w Katedrze Muzyki\u00a0Uniwersytetu Jana D\u0142ugosza w Cz\u0119stochowie. Pe\u0142ni\u0142 funkcj\u0119 dziekana\u00a0Wydzia\u0142u Sztuki Akademii im. Jana D\u0142ugosza w Cz\u0119stochowie\u00a0w latach 2012\u20132016.<\/p>\n<p>\u00a0<\/p>\n<h3 style=\"text-align: center;\"><strong>Jan Mroczek<\/strong><\/h3>\n<p><a href=\"http:\/\/cdmo.pl\/wp-content\/uploads\/2025\/09\/JM_01.jpg\"><img decoding=\"async\" loading=\"lazy\" class=\"wp-image-626 aligncenter\" src=\"http:\/\/cdmo.pl\/wp-content\/uploads\/2025\/09\/JM_01.jpg\" alt=\"\" width=\"397\" height=\"574\" srcset=\"http:\/\/cdmo.pl\/wp-content\/uploads\/2025\/09\/JM_01.jpg 638w, http:\/\/cdmo.pl\/wp-content\/uploads\/2025\/09\/JM_01-208x300.jpg 208w\" sizes=\"(max-width: 397px) 100vw, 397px\" \/><\/a><\/p>\n<p>Nauk\u0119 gry na fortepianie rozpocz\u0105\u0142 maj\u0105c 6 lat, a w wieku 13 lat r\u00f3wnie\u017c na organach w klasie swojego ojca Adama Mroczka w Pa\u0144stwowym Liceum Muzycznym w Cz\u0119stochowie. Podczas studi\u00f3w w Akademii Muzycznej w Krakowie odni\u00f3s\u0142 pierwsze sukcesy zdobywaj\u0105c nagrody na konkursach organowych (Rumia, I nagroda, 2003 rok oraz Castellana Grotte, II nagroda, 2004 rok). Okres studi\u00f3w pod kierunkiem Prof. J\u00f3zefa Serafina to czas rozwoju w r\u00f3\u017cnych kierunkach muzycznych.<\/p>\n<p>Kolejnym wirtuozem i pedagogiem, kt\u00f3ry wywar\u0142 ogromny wp\u0142yw na jego artystyczn\u0105 drog\u0119 jest Prof. Daniel Roth \u2013 organista tytularny ko\u015bcio\u0142a St. Sulpice w Pary\u017cu. J.M. pracowa\u0142 pod jego kierunkiem najpierw jako stypendysta, a p\u00f3\u017aniej student Hochschule f\u00fcr Musik und Darstellende Kunst we Frankfurcie nad Menem.<\/p>\n<p>Jest organist\u0105 Ko\u015bcio\u0142a Rektorackiego w Cz\u0119stochowie, a tak\u017ce prowadzi klas\u0119 organ\u00f3w w Zespole Szk\u00f3\u0142 Muzycznych im. Marcina J\u00f3zefa \u017bebrowskiego oraz na Uniwersytecie im. Jana D\u0142ugosza w Cz\u0119stochowie.<\/p>\n<p>W 2012 roku otrzyma\u0142 odznaczenie honorowe \u201eZas\u0142u\u017cony dla Kultury Polskiej\u201d przyznawane przez Ministra Kultury i Dziedzictwa Narodowego. W 2017 roku uzyska\u0142 tytu\u0142 doktora sztuki w Akademii Muzycznej w Krakowie.<\/p>\n<p>Dotychczas wyst\u0119powa\u0142 jako solista w Polsce, Luksemburgu, Niemczech, Rosji, na Litwie i na W\u0119grzech.<\/p>\n<p>\u00a0<\/p>\n<p style=\"text-align: center;\">\u00a0<\/p>\n\n\n<p><br><br><\/p>\n\n\n\n<p><\/p>\n\n\n\n<p><\/p>\n\n\n\n<p><\/p>\n\n\n\n<p><\/p>\n\n\n\n<p><\/p>\n\n\n\n<p class=\"has-text-align-center\"><\/p>\n\n\n\n<p><\/p>\n\n\n\n<p><\/p>\n\n\n\n<p><\/p>\n\n\n\n<p class=\"has-text-align-center\"><\/p>\n\n\n\n<p><\/p>\n\n\n\n<p><\/p>\n","protected":false},"excerpt":{"rendered":"<p>\u00a0 Frantisek Vanicek Po studiach w Konserwatorium w Pardubicach (klasa organ\u00f3w J. Rafaja) i Akademii Sztuk Muzycznych w Pradze (klasa organ\u00f3w J. Hory), Frantisek Vanicek kontynuowa\u0142 studia w Akademii Sztuk Pi\u0119knych w Utrechcie. W 1991 roku zdoby\u0142 drug\u0105 nagrod\u0119 na &hellip; <a href=\"http:\/\/cdmo.pl\/?page_id=37\">Czytaj dalej <span class=\"meta-nav\">&rarr;<\/span><\/a><\/p>\n","protected":false},"author":1,"featured_media":0,"parent":0,"menu_order":0,"comment_status":"open","ping_status":"open","template":"","meta":[],"_links":{"self":[{"href":"http:\/\/cdmo.pl\/index.php?rest_route=\/wp\/v2\/pages\/37"}],"collection":[{"href":"http:\/\/cdmo.pl\/index.php?rest_route=\/wp\/v2\/pages"}],"about":[{"href":"http:\/\/cdmo.pl\/index.php?rest_route=\/wp\/v2\/types\/page"}],"author":[{"embeddable":true,"href":"http:\/\/cdmo.pl\/index.php?rest_route=\/wp\/v2\/users\/1"}],"replies":[{"embeddable":true,"href":"http:\/\/cdmo.pl\/index.php?rest_route=%2Fwp%2Fv2%2Fcomments&post=37"}],"version-history":[{"count":111,"href":"http:\/\/cdmo.pl\/index.php?rest_route=\/wp\/v2\/pages\/37\/revisions"}],"predecessor-version":[{"id":628,"href":"http:\/\/cdmo.pl\/index.php?rest_route=\/wp\/v2\/pages\/37\/revisions\/628"}],"wp:attachment":[{"href":"http:\/\/cdmo.pl\/index.php?rest_route=%2Fwp%2Fv2%2Fmedia&parent=37"}],"curies":[{"name":"wp","href":"https:\/\/api.w.org\/{rel}","templated":true}]}}